{"id":10849,"date":"2024-01-21T15:59:52","date_gmt":"2024-01-21T20:59:52","guid":{"rendered":"https:\/\/festival.casteliers.ca\/?page_id=10849"},"modified":"2024-02-13T11:03:49","modified_gmt":"2024-02-13T16:03:49","slug":"mots-des-dignitaires","status":"publish","type":"page","link":"https:\/\/festival.casteliers.ca\/en\/mots-des-dignitaires\/","title":{"rendered":"Word from the dignitaries"},"content":{"rendered":"<table class=\"responsive_table\" style=\"border-collapse: collapse; width: 86.8966%; height: 101px;\">\n<tbody>\n<tr style=\"height: 23px;\">\n<td style=\"width: 33.3498%; height: 23px;\"><a href=\"https:\/\/festival.casteliers.ca\/festival2014\/wp-content\/uploads\/2024\/01\/hon.-pascale-st-onge-photo-officielle.jpg\"><img loading=\"lazy\" decoding=\"async\" class=\"alignnone wp-image-14476\" src=\"https:\/\/festival.casteliers.ca\/festival2014\/wp-content\/uploads\/2024\/01\/hon.-pascale-st-onge-photo-officielle-200x300.jpg\" alt=\"\" width=\"300\" height=\"450\" srcset=\"https:\/\/festival.casteliers.ca\/festival2014\/wp-content\/uploads\/2024\/01\/hon.-pascale-st-onge-photo-officielle-200x300.jpg 200w, https:\/\/festival.casteliers.ca\/festival2014\/wp-content\/uploads\/2024\/01\/hon.-pascale-st-onge-photo-officielle-683x1024.jpg 683w, https:\/\/festival.casteliers.ca\/festival2014\/wp-content\/uploads\/2024\/01\/hon.-pascale-st-onge-photo-officielle-768x1152.jpg 768w, https:\/\/festival.casteliers.ca\/festival2014\/wp-content\/uploads\/2024\/01\/hon.-pascale-st-onge-photo-officielle-80x120.jpg 80w, https:\/\/festival.casteliers.ca\/festival2014\/wp-content\/uploads\/2024\/01\/hon.-pascale-st-onge-photo-officielle-1024x1536.jpg 1024w, https:\/\/festival.casteliers.ca\/festival2014\/wp-content\/uploads\/2024\/01\/hon.-pascale-st-onge-photo-officielle.jpg 1280w\" sizes=\"auto, (max-width: 300px) 100vw, 300px\" \/><\/a><\/p>\n<h5><span style=\"color: #808080;\">\u00a9 M\u00e9lanie Provencher, House of Commons Photo Services<\/span><\/h5>\n<p>&nbsp;<\/p>\n<p>&nbsp;<\/p>\n<p>&nbsp;<\/td>\n<td style=\"width: 55.1093%; height: 23px;\">Welcome to the 19<sup>th<\/sup> Festival international de Casteliers!<\/p>\n<p>As Minister of Canadian Heritage, I salute everyone who has helped make this event a success. Since its creation, this dynamic festival has given everyone, regardless of age, the chance to experience incredible moments and make extraordinary discoveries.<\/p>\n<p>Many thanks to Casteliers for offering this outstanding showcase for our artists, artisans and creators. This festival highlights Canadian excellence and the diversity of our arts scene.<\/p>\n<p>Enjoy the shows!<\/p>\n<p>&nbsp;<\/p>\n<p><a href=\"https:\/\/festival.casteliers.ca\/festival2014\/wp-content\/uploads\/2024\/01\/signature-p.-st-onge.jpg\"><img loading=\"lazy\" decoding=\"async\" class=\"alignnone size-medium wp-image-14482\" src=\"https:\/\/festival.casteliers.ca\/festival2014\/wp-content\/uploads\/2024\/01\/signature-p.-st-onge-300x78.jpg\" alt=\"\" width=\"300\" height=\"78\" srcset=\"https:\/\/festival.casteliers.ca\/festival2014\/wp-content\/uploads\/2024\/01\/signature-p.-st-onge-300x78.jpg 300w, https:\/\/festival.casteliers.ca\/festival2014\/wp-content\/uploads\/2024\/01\/signature-p.-st-onge-1024x265.jpg 1024w, https:\/\/festival.casteliers.ca\/festival2014\/wp-content\/uploads\/2024\/01\/signature-p.-st-onge-768x199.jpg 768w, https:\/\/festival.casteliers.ca\/festival2014\/wp-content\/uploads\/2024\/01\/signature-p.-st-onge-180x47.jpg 180w, https:\/\/festival.casteliers.ca\/festival2014\/wp-content\/uploads\/2024\/01\/signature-p.-st-onge-1536x398.jpg 1536w, https:\/\/festival.casteliers.ca\/festival2014\/wp-content\/uploads\/2024\/01\/signature-p.-st-onge.jpg 1646w\" sizes=\"auto, (max-width: 300px) 100vw, 300px\" \/><\/a><\/p>\n<p><strong>The Honorable Pascale St-Onge<\/strong><\/p>\n<p>&nbsp;<\/p>\n<h3><b><img loading=\"lazy\" decoding=\"async\" class=\"alignnone wp-image-5921\" src=\"https:\/\/festival.casteliers.ca\/festival2014\/wp-content\/uploads\/2018\/01\/canada.jpg\" alt=\"\" width=\"170\" height=\"40\" \/><\/b><\/h3>\n<\/td>\n<\/tr>\n<\/tbody>\n<\/table>\n<p>&nbsp;<\/p>\n<hr \/>\n<p>&nbsp;<\/p>\n<table class=\"responsive_table\" style=\"border-collapse: collapse; width: 86.8966%; height: 101px;\">\n<tbody>\n<tr style=\"height: 23px;\">\n<td style=\"width: 33.3498%; height: 23px;\">\n<h5><a href=\"https:\/\/festival.casteliers.ca\/festival2014\/wp-content\/uploads\/2024\/01\/michellechawla_credit_christianlalonde.jpg\"><img loading=\"lazy\" decoding=\"async\" class=\"alignnone size-medium wp-image-14478\" src=\"https:\/\/festival.casteliers.ca\/festival2014\/wp-content\/uploads\/2024\/01\/michellechawla_credit_christianlalonde-300x300.jpg\" alt=\"\" width=\"300\" height=\"300\" srcset=\"https:\/\/festival.casteliers.ca\/festival2014\/wp-content\/uploads\/2024\/01\/michellechawla_credit_christianlalonde-300x300.jpg 300w, https:\/\/festival.casteliers.ca\/festival2014\/wp-content\/uploads\/2024\/01\/michellechawla_credit_christianlalonde-1024x1024.jpg 1024w, https:\/\/festival.casteliers.ca\/festival2014\/wp-content\/uploads\/2024\/01\/michellechawla_credit_christianlalonde-150x150.jpg 150w, https:\/\/festival.casteliers.ca\/festival2014\/wp-content\/uploads\/2024\/01\/michellechawla_credit_christianlalonde-768x768.jpg 768w, https:\/\/festival.casteliers.ca\/festival2014\/wp-content\/uploads\/2024\/01\/michellechawla_credit_christianlalonde-120x120.jpg 120w, https:\/\/festival.casteliers.ca\/festival2014\/wp-content\/uploads\/2024\/01\/michellechawla_credit_christianlalonde.jpg 1200w\" sizes=\"auto, (max-width: 300px) 100vw, 300px\" \/><\/a><br \/>\n<span style=\"color: #808080;\">\u00a9 Canada Council for the Arts \/ Christian Lalonde<\/span><\/h5>\n<p>&nbsp;<\/p>\n<p>&nbsp;<\/p>\n<p>&nbsp;<\/p>\n<p>&nbsp;<\/p>\n<p>&nbsp;<\/p>\n<p>&nbsp;<\/td>\n<td style=\"width: 55.1093%; height: 23px;\">To better understand the human condition, fully experience the world around us and challenge our assumptions, we need art, now more than ever.<\/p>\n<p>More engagement, connection and inspiration are what the arts promise us and what you are bringing to life, collectively, through this unique gathering of the arts and culture in Canada.<\/p>\n<p>The Canada Council for the Arts is a proud supporter of Festival international de Casteliers, and I would like to extend my sincere congratulations to all those involved.<\/p>\n<p><a href=\"https:\/\/festival.casteliers.ca\/festival2014\/wp-content\/uploads\/2024\/01\/michellechawla_signature.png\"><img loading=\"lazy\" decoding=\"async\" class=\"alignnone size-medium wp-image-14480\" src=\"https:\/\/festival.casteliers.ca\/festival2014\/wp-content\/uploads\/2024\/01\/michellechawla_signature-300x103.png\" alt=\"\" width=\"300\" height=\"103\" srcset=\"https:\/\/festival.casteliers.ca\/festival2014\/wp-content\/uploads\/2024\/01\/michellechawla_signature-300x103.png 300w, https:\/\/festival.casteliers.ca\/festival2014\/wp-content\/uploads\/2024\/01\/michellechawla_signature-180x62.png 180w, https:\/\/festival.casteliers.ca\/festival2014\/wp-content\/uploads\/2024\/01\/michellechawla_signature.png 435w\" sizes=\"auto, (max-width: 300px) 100vw, 300px\" \/><\/a><\/p>\n<p><span style=\"font-weight: 400;\"><strong>Michelle Chawla\u00a0<\/strong><\/span><span style=\"font-weight: 400;\"><br \/>\n<\/span><span style=\"font-weight: 400;\">Director and CEO<\/span><\/p>\n<p>&nbsp;<\/p>\n<h3><a href=\"https:\/\/festival.casteliers.ca\/festival2014\/wp-content\/uploads\/2024\/01\/cca_rgb_colour_f.png\"><img loading=\"lazy\" decoding=\"async\" class=\"alignnone size-medium wp-image-14484\" src=\"https:\/\/festival.casteliers.ca\/festival2014\/wp-content\/uploads\/2024\/01\/cca_rgb_colour_f-300x55.png\" alt=\"\" width=\"300\" height=\"55\" srcset=\"https:\/\/festival.casteliers.ca\/festival2014\/wp-content\/uploads\/2024\/01\/cca_rgb_colour_f-300x55.png 300w, https:\/\/festival.casteliers.ca\/festival2014\/wp-content\/uploads\/2024\/01\/cca_rgb_colour_f-1024x188.png 1024w, https:\/\/festival.casteliers.ca\/festival2014\/wp-content\/uploads\/2024\/01\/cca_rgb_colour_f-768x141.png 768w, https:\/\/festival.casteliers.ca\/festival2014\/wp-content\/uploads\/2024\/01\/cca_rgb_colour_f-180x33.png 180w, https:\/\/festival.casteliers.ca\/festival2014\/wp-content\/uploads\/2024\/01\/cca_rgb_colour_f.png 1201w\" sizes=\"auto, (max-width: 300px) 100vw, 300px\" \/><\/a><\/h3>\n<\/td>\n<\/tr>\n<\/tbody>\n<\/table>\n<p>&nbsp;<\/p>\n<hr \/>\n<p>&nbsp;<\/p>\n<table class=\"responsive_table\" style=\"border-collapse: collapse; width: 86.8966%; height: 101px;\">\n<tbody>\n<tr style=\"height: 23px;\">\n<td style=\"width: 33.3498%; height: 23px;\"><a href=\"https:\/\/festival.casteliers.ca\/festival2014\/wp-content\/uploads\/2023\/01\/mathieu-lacombe-1.jpg\"><img loading=\"lazy\" decoding=\"async\" class=\"alignnone wp-image-12980\" src=\"https:\/\/festival.casteliers.ca\/festival2014\/wp-content\/uploads\/2023\/01\/mathieu-lacombe-1-300x300.jpg\" alt=\"\" width=\"282\" height=\"282\" srcset=\"https:\/\/festival.casteliers.ca\/festival2014\/wp-content\/uploads\/2023\/01\/mathieu-lacombe-1-300x300.jpg 300w, https:\/\/festival.casteliers.ca\/festival2014\/wp-content\/uploads\/2023\/01\/mathieu-lacombe-1-1024x1024.jpg 1024w, https:\/\/festival.casteliers.ca\/festival2014\/wp-content\/uploads\/2023\/01\/mathieu-lacombe-1-150x150.jpg 150w, https:\/\/festival.casteliers.ca\/festival2014\/wp-content\/uploads\/2023\/01\/mathieu-lacombe-1-768x768.jpg 768w, https:\/\/festival.casteliers.ca\/festival2014\/wp-content\/uploads\/2023\/01\/mathieu-lacombe-1-120x120.jpg 120w, https:\/\/festival.casteliers.ca\/festival2014\/wp-content\/uploads\/2023\/01\/mathieu-lacombe-1.jpg 1200w\" sizes=\"auto, (max-width: 282px) 100vw, 282px\" \/><\/a><\/p>\n<p>&nbsp;<\/p>\n<p>&nbsp;<\/p>\n<p>&nbsp;<\/p>\n<p>&nbsp;<\/p>\n<p>&nbsp;<\/td>\n<td style=\"width: 55.1093%; height: 23px;\">\n<h3><b>Vive le 11<sup>e<\/sup> art!<\/b><\/h3>\n<p>Le Festival international de Casteliers s\u2019inscrit parmi les grands \u00e9v\u00e9nements de notre agenda culturel. Il ne fait pas de doute qu\u2019une visite \u00e0 ce rendez-vous s\u2019impose \u00e0 celles et ceux qui sont sensibles aux belles histoires, au merveilleux et \u00e0 la ma\u00eetrise fabuleuse d\u2019artistes, d\u2019artisanes et d\u2019artisans de talent. Je suis d\u2019ailleurs ravi d\u2019accueillir \u00e0 Montr\u00e9al les nombreux diffuseurs internationaux venus d\u00e9couvrir les cr\u00e9ations d\u2019ici.<\/p>\n<p>Bravo \u00e0 l\u2019\u00e9quipe du Festival, merci \u00e0 ses loyaux partenaires et bienvenue aux casteli\u00e8res et casteliers venus du Qu\u00e9bec et de tous les horizons tirer avec nous les mille et une ficelles de cette pratique.<\/p>\n<p>\u00c0 tous et \u00e0 toutes, excellent Festival!<\/p>\n<p>&nbsp;<\/p>\n<p><strong>Mathieu\u00a0Lacombe<\/strong><\/p>\n<p>Ministre de la Culture et des Communications<br \/>\nMinistre responsable de la Jeunesse<br \/>\nMinistre responsable de la r\u00e9gion de l\u2019Outaouais<\/p>\n<p>&nbsp;<\/p>\n<p><a href=\"https:\/\/festival.casteliers.ca\/festival2014\/wp-content\/uploads\/2024\/01\/votre_gouv-couleur-1-scaled.jpg\"><img loading=\"lazy\" decoding=\"async\" class=\"alignnone wp-image-14489\" src=\"https:\/\/festival.casteliers.ca\/festival2014\/wp-content\/uploads\/2024\/01\/votre_gouv-couleur-1-300x89.jpg\" alt=\"\" width=\"203\" height=\"60\" srcset=\"https:\/\/festival.casteliers.ca\/festival2014\/wp-content\/uploads\/2024\/01\/votre_gouv-couleur-1-300x89.jpg 300w, https:\/\/festival.casteliers.ca\/festival2014\/wp-content\/uploads\/2024\/01\/votre_gouv-couleur-1-1024x303.jpg 1024w, https:\/\/festival.casteliers.ca\/festival2014\/wp-content\/uploads\/2024\/01\/votre_gouv-couleur-1-768x227.jpg 768w, https:\/\/festival.casteliers.ca\/festival2014\/wp-content\/uploads\/2024\/01\/votre_gouv-couleur-1-180x53.jpg 180w, https:\/\/festival.casteliers.ca\/festival2014\/wp-content\/uploads\/2024\/01\/votre_gouv-couleur-1-1536x454.jpg 1536w, https:\/\/festival.casteliers.ca\/festival2014\/wp-content\/uploads\/2024\/01\/votre_gouv-couleur-1-2048x606.jpg 2048w\" sizes=\"auto, (max-width: 203px) 100vw, 203px\" \/> \u00a0 \u00a0 \u00a0 \u00a0 \u00a0 \u00a0 \u00a0 \u00a0 \u00a0 \u00a0<\/a><img loading=\"lazy\" decoding=\"async\" class=\"alignnone wp-image-8227 size-full\" src=\"https:\/\/festival.casteliers.ca\/festival2014\/wp-content\/uploads\/2020\/01\/quebmm2c-e1579536452359.jpg\" alt=\"\" width=\"200\" height=\"60\" \/><\/td>\n<\/tr>\n<\/tbody>\n<\/table>\n<p>&nbsp;<\/p>\n<hr \/>\n<p>&nbsp;<\/p>\n<table class=\"responsive_table\" style=\"border-collapse: collapse; width: 86.8966%; height: 101px;\">\n<tbody>\n<tr style=\"height: 23px;\">\n<td style=\"width: 33.3498%; height: 23px;\"><a href=\"https:\/\/festival.casteliers.ca\/festival2014\/wp-content\/uploads\/2022\/01\/photo_valerieplante_sylvainlegare_low-1.jpg\"><img loading=\"lazy\" decoding=\"async\" class=\"alignnone wp-image-10827\" src=\"https:\/\/festival.casteliers.ca\/festival2014\/wp-content\/uploads\/2022\/01\/photo_valerieplante_sylvainlegare_low-1-200x300.jpg\" alt=\"\" width=\"282\" height=\"423\" srcset=\"https:\/\/festival.casteliers.ca\/festival2014\/wp-content\/uploads\/2022\/01\/photo_valerieplante_sylvainlegare_low-1-200x300.jpg 200w, https:\/\/festival.casteliers.ca\/festival2014\/wp-content\/uploads\/2022\/01\/photo_valerieplante_sylvainlegare_low-1-80x120.jpg 80w, https:\/\/festival.casteliers.ca\/festival2014\/wp-content\/uploads\/2022\/01\/photo_valerieplante_sylvainlegare_low-1.jpg 500w\" sizes=\"auto, (max-width: 282px) 100vw, 282px\" \/><\/a><\/p>\n<h5><span style=\"color: #808080;\">\u00a9 Ville de Montr\u00e9al \/ Sylvain L\u00e9gar\u00e9<\/span><\/h5>\n<p>&nbsp;<\/p>\n<p>&nbsp;<\/td>\n<td style=\"width: 55.1093%; height: 23px;\">The diversity and abundance of Montr\u00e9al&#8217;s cultural scene is due in no small part to events like Festival international de Casteliers.<\/p>\n<p>Montr\u00e9al is proud that culture in all its forms can be found throughout the city, and that it is accessible to as many people as possible.<\/p>\n<p>With its fascinating puppets from around the globe, the Festival is a celebration of creativity, which the city of Montr\u00e9al is happy to support.<\/p>\n<p>The Festival international de Casteliers is a delight for Montrealers of all ages.<br \/>\nOver the years, it has become a fixture in Montr\u00e9al&#8217;s cultural scene, and an opportunity for creators to forge links with artistic communities both here and abroad.<\/p>\n<p>Congratulations and thank you for offering us so much beauty and inspiration.<\/p>\n<p><a href=\"https:\/\/festival.casteliers.ca\/festival2014\/wp-content\/uploads\/2022\/01\/signature_valerieplante.jpg\"><img loading=\"lazy\" decoding=\"async\" class=\"alignnone size-full wp-image-10819\" src=\"https:\/\/festival.casteliers.ca\/festival2014\/wp-content\/uploads\/2022\/01\/signature_valerieplante.jpg\" alt=\"\" width=\"150\" height=\"112\" \/><\/a><\/p>\n<p><strong>Val\u00e9rie Plante<\/strong><\/p>\n<p>Mayor of Montr\u00e9al<\/p>\n<p>&nbsp;<\/p>\n<p><img loading=\"lazy\" decoding=\"async\" class=\"alignnone wp-image-12081\" src=\"https:\/\/festival.casteliers.ca\/festival2014\/wp-content\/uploads\/2022\/02\/eps_montreal-300x64.jpg\" alt=\"\" width=\"180\" height=\"38\" srcset=\"https:\/\/festival.casteliers.ca\/festival2014\/wp-content\/uploads\/2022\/02\/eps_montreal-300x64.jpg 300w, https:\/\/festival.casteliers.ca\/festival2014\/wp-content\/uploads\/2022\/02\/eps_montreal-180x39.jpg 180w, https:\/\/festival.casteliers.ca\/festival2014\/wp-content\/uploads\/2022\/02\/eps_montreal.jpg 754w\" sizes=\"auto, (max-width: 180px) 100vw, 180px\" \/><\/td>\n<\/tr>\n<\/tbody>\n<\/table>\n<p>&nbsp;<\/p>\n<hr \/>\n<p>&nbsp;<\/p>\n<table class=\"responsive_table\" style=\"border-collapse: collapse; width: 86.8966%; height: 101px;\">\n<tbody>\n<tr style=\"height: 23px;\">\n<td style=\"width: 33.3498%; height: 23px;\">\n<p style=\"text-align: left;\"><a href=\"https:\/\/festival.casteliers.ca\/festival2014\/wp-content\/uploads\/2022\/01\/nathalie-maille_low.jpg\"><img loading=\"lazy\" decoding=\"async\" class=\"alignnone wp-image-10831\" src=\"https:\/\/festival.casteliers.ca\/festival2014\/wp-content\/uploads\/2022\/01\/nathalie-maille_low-200x300.jpg\" alt=\"\" width=\"282\" height=\"423\" \/><\/a><\/p>\n<p>&nbsp;<\/p>\n<p>&nbsp;<\/p>\n<p>&nbsp;<\/p>\n<p>&nbsp;<\/p>\n<p>&nbsp;<\/p>\n<p style=\"text-align: left;\">\n<\/td>\n<td style=\"width: 55.1093%; height: 23px;\">\n<p class=\"Normal1\">Festival international de Casteliers puts Montr\u00e9al at the heart of developments in contemporary puppetry. This unique gathering is a crucial professional networking hub where the many fascinating, varied forms of this ancient artistic discipline are just waiting to be discovered.<\/p>\n<p class=\"Normal1\">In addition to showcasing talent from all over the world, Casteliers\u2019 process for decarbonizing its events makes it an eco-responsible pioneer in the arts.<\/p>\n<p class=\"Normal1\">The Conseil is proud to have supported this dynamic organization for over 15 years.<\/p>\n<p>&nbsp;<\/p>\n<p><a href=\"https:\/\/festival.casteliers.ca\/festival2014\/wp-content\/uploads\/2022\/02\/signature.nathalie.maille2-3.jpg\"><img loading=\"lazy\" decoding=\"async\" class=\"alignnone wp-image-12098\" src=\"https:\/\/festival.casteliers.ca\/festival2014\/wp-content\/uploads\/2022\/02\/signature.nathalie.maille2-3-300x113.jpg\" alt=\"\" width=\"200\" height=\"75\" \/><\/a><\/p>\n<p><strong>Nathalie Maill\u00e9<\/strong><\/p>\n<p><span style=\"font-weight: 400;\">Executive Director<br \/>\n<\/span><span style=\"font-weight: 400;\">Conseil des arts de Montr\u00e9al<\/span><\/p>\n<p><img loading=\"lazy\" decoding=\"async\" class=\"alignnone wp-image-12085\" src=\"https:\/\/festival.casteliers.ca\/festival2014\/wp-content\/uploads\/2022\/02\/cam-logo-facebook-1-1-300x300.png\" alt=\"\" width=\"141\" height=\"141\" srcset=\"https:\/\/festival.casteliers.ca\/festival2014\/wp-content\/uploads\/2022\/02\/cam-logo-facebook-1-1-300x300.png 300w, https:\/\/festival.casteliers.ca\/festival2014\/wp-content\/uploads\/2022\/02\/cam-logo-facebook-1-1-1024x1024.png 1024w, https:\/\/festival.casteliers.ca\/festival2014\/wp-content\/uploads\/2022\/02\/cam-logo-facebook-1-1-150x150.png 150w, https:\/\/festival.casteliers.ca\/festival2014\/wp-content\/uploads\/2022\/02\/cam-logo-facebook-1-1-768x768.png 768w, https:\/\/festival.casteliers.ca\/festival2014\/wp-content\/uploads\/2022\/02\/cam-logo-facebook-1-1-120x120.png 120w, https:\/\/festival.casteliers.ca\/festival2014\/wp-content\/uploads\/2022\/02\/cam-logo-facebook-1-1.png 1500w\" sizes=\"auto, (max-width: 141px) 100vw, 141px\" \/><\/td>\n<\/tr>\n<\/tbody>\n<\/table>\n<p>&nbsp;<\/p>\n<hr \/>\n<p>&nbsp;<\/p>\n<table class=\"responsive_table\" style=\"border-collapse: collapse; width: 86.8966%; height: 101px;\">\n<tbody>\n<tr style=\"height: 23px;\">\n<td style=\"width: 33.3498%; height: 23px;\"><a href=\"https:\/\/festival.casteliers.ca\/festival2014\/wp-content\/uploads\/2022\/01\/photo_laurent-desbois-2.jpg\"><img loading=\"lazy\" decoding=\"async\" class=\"alignnone wp-image-10842\" src=\"https:\/\/festival.casteliers.ca\/festival2014\/wp-content\/uploads\/2022\/01\/photo_laurent-desbois-2-300x237.jpg\" alt=\"\" width=\"262\" height=\"207\" \/><\/a><\/p>\n<p>&nbsp;<\/p>\n<p>&nbsp;<\/p>\n<p>&nbsp;<\/p>\n<p>&nbsp;<\/p>\n<p>&nbsp;<\/p>\n<p>&nbsp;<\/p>\n<p>&nbsp;<\/p>\n<p>&nbsp;<\/p>\n<p>&nbsp;<\/p>\n<p>&nbsp;<\/p>\n<p>&nbsp;<\/p>\n<p>&nbsp;<\/p>\n<p>&nbsp;<\/p>\n<p>&nbsp;<\/p>\n<p>&nbsp;<\/p>\n<p>&nbsp;<\/td>\n<td style=\"width: 55.1093%; height: 23px;\">\n<h3><strong>An age-old art form with a universal flavour<\/strong><\/h3>\n<p>What a great pleasure it is to experience Festival international de Casteliers&#8217; celebration of the art of puppetry every year, and to welcome artists from the Americas, Asia and Europe for this 19<sup>th<\/sup> edition!<\/p>\n<p>The Festival continues to grow and improve through contact with puppeteer troupes from all over the world. This event enables audiences of young and young-at-heart to discover other cultures and new ways of practising an art that is both ancient and contemporary.<\/p>\n<p>On behalf of my fellow citizens of Outremont, I wish this 2024 edition of the Festival the greatest success.<\/p>\n<p><a href=\"https:\/\/festival.casteliers.ca\/festival2014\/wp-content\/uploads\/2022\/01\/signature_desbois.jpg\"><img loading=\"lazy\" decoding=\"async\" class=\"alignnone wp-image-10835\" src=\"https:\/\/festival.casteliers.ca\/festival2014\/wp-content\/uploads\/2022\/01\/signature_desbois.jpg\" alt=\"\" width=\"200\" height=\"70\" \/><\/a><\/p>\n<p><strong>Laurent Desbois<\/strong><\/p>\n<p>Outremont Borough Mayor<\/p>\n<p>&nbsp;<\/p>\n<p><a href=\"https:\/\/festival.casteliers.ca\/festival2014\/wp-content\/uploads\/2023\/01\/2017-outremont-montreal-couleur.jpg\"><img loading=\"lazy\" decoding=\"async\" class=\"alignnone wp-image-12975\" src=\"https:\/\/festival.casteliers.ca\/festival2014\/wp-content\/uploads\/2023\/01\/2017-outremont-montreal-couleur-300x111.jpg\" alt=\"\" width=\"180\" height=\"67\" srcset=\"https:\/\/festival.casteliers.ca\/festival2014\/wp-content\/uploads\/2023\/01\/2017-outremont-montreal-couleur-300x111.jpg 300w, https:\/\/festival.casteliers.ca\/festival2014\/wp-content\/uploads\/2023\/01\/2017-outremont-montreal-couleur-1024x379.jpg 1024w, https:\/\/festival.casteliers.ca\/festival2014\/wp-content\/uploads\/2023\/01\/2017-outremont-montreal-couleur-768x284.jpg 768w, https:\/\/festival.casteliers.ca\/festival2014\/wp-content\/uploads\/2023\/01\/2017-outremont-montreal-couleur-180x67.jpg 180w, https:\/\/festival.casteliers.ca\/festival2014\/wp-content\/uploads\/2023\/01\/2017-outremont-montreal-couleur-1536x569.jpg 1536w, https:\/\/festival.casteliers.ca\/festival2014\/wp-content\/uploads\/2023\/01\/2017-outremont-montreal-couleur.jpg 1620w\" sizes=\"auto, (max-width: 180px) 100vw, 180px\" \/><\/a><\/td>\n<\/tr>\n<\/tbody>\n<\/table>\n<p>&nbsp;<\/p>\n<p>&nbsp;<\/p>\n<hr \/>\n<p>&nbsp;<\/p>\n<table class=\"responsive_table\" style=\"border-collapse: collapse; width: 86.8966%; height: 280px;\">\n<tbody>\n<tr style=\"height: 23px;\">\n<td style=\"width: 33.3498%; height: 280px;\"><a href=\"https:\/\/festival.casteliers.ca\/festival2014\/wp-content\/uploads\/2022\/02\/louise-lapointe_christian_brault.jpg\"><img loading=\"lazy\" decoding=\"async\" class=\"alignnone wp-image-12159\" src=\"https:\/\/festival.casteliers.ca\/festival2014\/wp-content\/uploads\/2022\/02\/louise-lapointe_christian_brault-286x300.jpg\" alt=\"\" width=\"240\" height=\"252\" \/><\/a><\/p>\n<h5>Louise Lapointe <span style=\"color: #808080;\">\u00a9 Christian Brault<\/span><\/h5>\n<p>&nbsp;<\/p>\n<p><a href=\"https:\/\/festival.casteliers.ca\/festival2014\/wp-content\/uploads\/2023\/01\/genevieve-therrien_profile_credit-christian-brault.jpg\"><img loading=\"lazy\" decoding=\"async\" class=\"alignnone wp-image-13735\" src=\"https:\/\/festival.casteliers.ca\/festival2014\/wp-content\/uploads\/2023\/01\/genevieve-therrien_profile_credit-christian-brault-300x300.jpg\" alt=\"\" width=\"240\" height=\"240\" \/><\/a><\/p>\n<h5>Genevi\u00e8ve Therrien <span style=\"color: #808080;\">\u00a9 Christian Brault<\/span><\/h5>\n<p>&nbsp;<\/p>\n<p>&nbsp;<\/p>\n<p>&nbsp;<\/p>\n<p>&nbsp;<\/p>\n<p>&nbsp;<\/p>\n<p>&nbsp;<\/p>\n<p>&nbsp;<\/p>\n<p>&nbsp;<\/p>\n<p>&nbsp;<\/p>\n<p>&nbsp;<\/p>\n<p>&nbsp;<\/p>\n<p>&nbsp;<\/p>\n<p>&nbsp;<\/p>\n<p>&nbsp;<\/p>\n<p>&nbsp;<\/p>\n<p>&nbsp;<\/td>\n<td style=\"width: 55.1093%; height: 280px;\">\n<h3><strong>An art form for everyone!<\/strong><\/h3>\n<p>Casteliers celebrates with flair and in many different ways the diversity puppetry arts. On stage, on screen, in store windows and on the workbench, the 19th Festival International de Casteliers will take you from the Great North to the Great Plains, from the infinite cosmos into a tiny little bed, from lucid adolescence to the end of a life.<\/p>\n<p>From Qu\u00e9bec, Canada, the U.S., France, Belgium, Finland and South Korea, the shows offer a selection of playful, philosophical, poetic, and whimsical moments.<\/p>\n<p>With narrative and experimental approaches, the puppeteers transform words into gestures and inanimate matter into complicit protagonists. Whether superlative messengers or magnificent mirrors, puppets embody our multifaceted humanity, with subtle wisdom or delightful folly.<\/p>\n<p>Casteliers would like to thank its many public and private partners for their invaluable support, which enables us to organize, and ensures the success of, this major annual celebration of an exceptional, age-old, and contemporary art form, the 11th art!<\/p>\n<p>Enjoy the festival!<\/p>\n<p>&nbsp;<\/p>\n<p><a href=\"https:\/\/festival.casteliers.ca\/festival2014\/wp-content\/uploads\/2023\/01\/sign_louise-lapointe_noire.jpg\"><img loading=\"lazy\" decoding=\"async\" class=\"alignnone wp-image-13739 \" src=\"https:\/\/festival.casteliers.ca\/festival2014\/wp-content\/uploads\/2023\/01\/sign_louise-lapointe_noire.jpg\" alt=\"\" width=\"159\" height=\"102\" \/><\/a><\/p>\n<p><strong>Louise Lapointe<br \/>\n<\/strong>Artistic Director<\/p>\n<p>&nbsp;<\/p>\n<p><img loading=\"lazy\" decoding=\"async\" class=\"alignnone wp-image-13050\" src=\"https:\/\/festival.casteliers.ca\/festival2014\/wp-content\/uploads\/2023\/01\/signature_genevieve-jan-2023-300x113.jpg\" alt=\"\" width=\"180\" height=\"68\" \/><\/p>\n<p><strong>Genevi\u00e8ve Therrien<br \/>\n<\/strong>Executive Director<\/p>\n<p>&nbsp;<\/p>\n<p><a href=\"https:\/\/festival.casteliers.ca\/festival2014\/wp-content\/uploads\/2024\/01\/casteliers_logo_h_noir_rgb.jpg\"><img loading=\"lazy\" decoding=\"async\" class=\"alignnone size-medium wp-image-14494\" src=\"https:\/\/festival.casteliers.ca\/festival2014\/wp-content\/uploads\/2024\/01\/casteliers_logo_h_noir_rgb-300x134.jpg\" alt=\"\" width=\"300\" height=\"134\" \/><\/a><\/p>\n<p>&nbsp;<\/p>\n<p>&nbsp;<\/td>\n<\/tr>\n<\/tbody>\n<\/table>\n<p>&nbsp;<\/p>\n<p>&nbsp;<\/p>\n<p>&nbsp;<\/p>\n<p>&nbsp;<\/p>\n<p>&nbsp;<\/p>\n","protected":false},"excerpt":{"rendered":"<p>\u00a9 M\u00e9lanie Provencher, House of Commons Photo Services &nbsp; &nbsp; &nbsp; Welcome to the 19th Festival international de Casteliers! As Minister of Canadian Heritage, I salute everyone who has helped make this event a success. Since its creation, this dynamic festival has given everyone, regardless of age, the chance to experience incredible moments and make [&hellip;]<\/p>\n","protected":false},"author":7,"featured_media":0,"parent":0,"menu_order":20,"comment_status":"closed","ping_status":"closed","template":"","meta":{"footnotes":""},"class_list":["post-10849","page","type-page","status-publish","hentry"],"yoast_head":"<!-- This site is optimized with the Yoast SEO plugin v24.2 - https:\/\/yoast.com\/wordpress\/plugins\/seo\/ -->\n<title>Word from the dignitaries - Festival de Casteliers<\/title>\n<meta name=\"description\" content=\"Messages des partenaires du Festival de Casteliers.\" \/>\n<meta name=\"robots\" content=\"index, follow, max-snippet:-1, max-image-preview:large, max-video-preview:-1\" \/>\n<link rel=\"canonical\" href=\"https:\/\/festival.casteliers.ca\/en\/mots-des-dignitaires\/\" \/>\n<meta property=\"og:locale\" content=\"en_US\" \/>\n<meta property=\"og:type\" content=\"article\" \/>\n<meta property=\"og:title\" content=\"Word from the dignitaries - Festival de Casteliers\" \/>\n<meta property=\"og:description\" content=\"Messages des partenaires du Festival de Casteliers.\" \/>\n<meta property=\"og:url\" content=\"https:\/\/festival.casteliers.ca\/en\/mots-des-dignitaires\/\" \/>\n<meta property=\"og:site_name\" content=\"Festival de Casteliers\" \/>\n<meta property=\"article:publisher\" content=\"https:\/\/www.facebook.com\/casteliers\/\" \/>\n<meta property=\"article:modified_time\" content=\"2024-02-13T16:03:49+00:00\" \/>\n<meta property=\"og:image\" content=\"https:\/\/festival.casteliers.ca\/festival2014\/wp-content\/uploads\/2024\/01\/hon.-pascale-st-onge-photo-officielle-200x300.jpg\" \/>\n<meta name=\"twitter:card\" content=\"summary_large_image\" \/>\n<meta name=\"twitter:label1\" content=\"Est. reading time\" \/>\n\t<meta name=\"twitter:data1\" content=\"9 minutes\" \/>\n<script type=\"application\/ld+json\" class=\"yoast-schema-graph\">{\"@context\":\"https:\/\/schema.org\",\"@graph\":[{\"@type\":\"WebPage\",\"@id\":\"https:\/\/festival.casteliers.ca\/en\/mots-des-dignitaires\/\",\"url\":\"https:\/\/festival.casteliers.ca\/en\/mots-des-dignitaires\/\",\"name\":\"Word from the dignitaries - Festival de Casteliers\",\"isPartOf\":{\"@id\":\"https:\/\/festival.casteliers.ca\/#website\"},\"primaryImageOfPage\":{\"@id\":\"https:\/\/festival.casteliers.ca\/en\/mots-des-dignitaires\/#primaryimage\"},\"image\":{\"@id\":\"https:\/\/festival.casteliers.ca\/en\/mots-des-dignitaires\/#primaryimage\"},\"thumbnailUrl\":\"https:\/\/festival.casteliers.ca\/festival2014\/wp-content\/uploads\/2024\/01\/hon.-pascale-st-onge-photo-officielle-200x300.jpg\",\"datePublished\":\"2024-01-21T20:59:52+00:00\",\"dateModified\":\"2024-02-13T16:03:49+00:00\",\"description\":\"Messages des partenaires du Festival de Casteliers.\",\"breadcrumb\":{\"@id\":\"https:\/\/festival.casteliers.ca\/en\/mots-des-dignitaires\/#breadcrumb\"},\"inLanguage\":\"en-US\",\"potentialAction\":[{\"@type\":\"ReadAction\",\"target\":[\"https:\/\/festival.casteliers.ca\/en\/mots-des-dignitaires\/\"]}]},{\"@type\":\"ImageObject\",\"inLanguage\":\"en-US\",\"@id\":\"https:\/\/festival.casteliers.ca\/en\/mots-des-dignitaires\/#primaryimage\",\"url\":\"https:\/\/festival.casteliers.ca\/festival2014\/wp-content\/uploads\/2024\/01\/hon.-pascale-st-onge-photo-officielle-200x300.jpg\",\"contentUrl\":\"https:\/\/festival.casteliers.ca\/festival2014\/wp-content\/uploads\/2024\/01\/hon.-pascale-st-onge-photo-officielle-200x300.jpg\"},{\"@type\":\"BreadcrumbList\",\"@id\":\"https:\/\/festival.casteliers.ca\/en\/mots-des-dignitaires\/#breadcrumb\",\"itemListElement\":[{\"@type\":\"ListItem\",\"position\":1,\"name\":\"Accueil\",\"item\":\"https:\/\/festival.casteliers.ca\/en\/\"},{\"@type\":\"ListItem\",\"position\":2,\"name\":\"Word from the dignitaries\"}]},{\"@type\":\"WebSite\",\"@id\":\"https:\/\/festival.casteliers.ca\/#website\",\"url\":\"https:\/\/festival.casteliers.ca\/\",\"name\":\"Festival international de Casteliers\",\"description\":\"Du 2 au 8 mars 2026\",\"potentialAction\":[{\"@type\":\"SearchAction\",\"target\":{\"@type\":\"EntryPoint\",\"urlTemplate\":\"https:\/\/festival.casteliers.ca\/?s={search_term_string}\"},\"query-input\":{\"@type\":\"PropertyValueSpecification\",\"valueRequired\":true,\"valueName\":\"search_term_string\"}}],\"inLanguage\":\"en-US\"}]}<\/script>\n<!-- \/ Yoast SEO plugin. -->","yoast_head_json":{"title":"Word from the dignitaries - Festival de Casteliers","description":"Messages des partenaires du Festival de Casteliers.","robots":{"index":"index","follow":"follow","max-snippet":"max-snippet:-1","max-image-preview":"max-image-preview:large","max-video-preview":"max-video-preview:-1"},"canonical":"https:\/\/festival.casteliers.ca\/en\/mots-des-dignitaires\/","og_locale":"en_US","og_type":"article","og_title":"Word from the dignitaries - Festival de Casteliers","og_description":"Messages des partenaires du Festival de Casteliers.","og_url":"https:\/\/festival.casteliers.ca\/en\/mots-des-dignitaires\/","og_site_name":"Festival de Casteliers","article_publisher":"https:\/\/www.facebook.com\/casteliers\/","article_modified_time":"2024-02-13T16:03:49+00:00","og_image":[{"url":"https:\/\/festival.casteliers.ca\/festival2014\/wp-content\/uploads\/2024\/01\/hon.-pascale-st-onge-photo-officielle-200x300.jpg","type":"","width":"","height":""}],"twitter_card":"summary_large_image","twitter_misc":{"Est. reading time":"9 minutes"},"schema":{"@context":"https:\/\/schema.org","@graph":[{"@type":"WebPage","@id":"https:\/\/festival.casteliers.ca\/en\/mots-des-dignitaires\/","url":"https:\/\/festival.casteliers.ca\/en\/mots-des-dignitaires\/","name":"Word from the dignitaries - Festival de Casteliers","isPartOf":{"@id":"https:\/\/festival.casteliers.ca\/#website"},"primaryImageOfPage":{"@id":"https:\/\/festival.casteliers.ca\/en\/mots-des-dignitaires\/#primaryimage"},"image":{"@id":"https:\/\/festival.casteliers.ca\/en\/mots-des-dignitaires\/#primaryimage"},"thumbnailUrl":"https:\/\/festival.casteliers.ca\/festival2014\/wp-content\/uploads\/2024\/01\/hon.-pascale-st-onge-photo-officielle-200x300.jpg","datePublished":"2024-01-21T20:59:52+00:00","dateModified":"2024-02-13T16:03:49+00:00","description":"Messages des partenaires du Festival de Casteliers.","breadcrumb":{"@id":"https:\/\/festival.casteliers.ca\/en\/mots-des-dignitaires\/#breadcrumb"},"inLanguage":"en-US","potentialAction":[{"@type":"ReadAction","target":["https:\/\/festival.casteliers.ca\/en\/mots-des-dignitaires\/"]}]},{"@type":"ImageObject","inLanguage":"en-US","@id":"https:\/\/festival.casteliers.ca\/en\/mots-des-dignitaires\/#primaryimage","url":"https:\/\/festival.casteliers.ca\/festival2014\/wp-content\/uploads\/2024\/01\/hon.-pascale-st-onge-photo-officielle-200x300.jpg","contentUrl":"https:\/\/festival.casteliers.ca\/festival2014\/wp-content\/uploads\/2024\/01\/hon.-pascale-st-onge-photo-officielle-200x300.jpg"},{"@type":"BreadcrumbList","@id":"https:\/\/festival.casteliers.ca\/en\/mots-des-dignitaires\/#breadcrumb","itemListElement":[{"@type":"ListItem","position":1,"name":"Accueil","item":"https:\/\/festival.casteliers.ca\/en\/"},{"@type":"ListItem","position":2,"name":"Word from the dignitaries"}]},{"@type":"WebSite","@id":"https:\/\/festival.casteliers.ca\/#website","url":"https:\/\/festival.casteliers.ca\/","name":"Festival international de Casteliers","description":"Du 2 au 8 mars 2026","potentialAction":[{"@type":"SearchAction","target":{"@type":"EntryPoint","urlTemplate":"https:\/\/festival.casteliers.ca\/?s={search_term_string}"},"query-input":{"@type":"PropertyValueSpecification","valueRequired":true,"valueName":"search_term_string"}}],"inLanguage":"en-US"}]}},"_links":{"self":[{"href":"https:\/\/festival.casteliers.ca\/en\/wp-json\/wp\/v2\/pages\/10849","targetHints":{"allow":["GET"]}}],"collection":[{"href":"https:\/\/festival.casteliers.ca\/en\/wp-json\/wp\/v2\/pages"}],"about":[{"href":"https:\/\/festival.casteliers.ca\/en\/wp-json\/wp\/v2\/types\/page"}],"author":[{"embeddable":true,"href":"https:\/\/festival.casteliers.ca\/en\/wp-json\/wp\/v2\/users\/7"}],"replies":[{"embeddable":true,"href":"https:\/\/festival.casteliers.ca\/en\/wp-json\/wp\/v2\/comments?post=10849"}],"version-history":[{"count":42,"href":"https:\/\/festival.casteliers.ca\/en\/wp-json\/wp\/v2\/pages\/10849\/revisions"}],"predecessor-version":[{"id":15731,"href":"https:\/\/festival.casteliers.ca\/en\/wp-json\/wp\/v2\/pages\/10849\/revisions\/15731"}],"wp:attachment":[{"href":"https:\/\/festival.casteliers.ca\/en\/wp-json\/wp\/v2\/media?parent=10849"}],"curies":[{"name":"wp","href":"https:\/\/api.w.org\/{rel}","templated":true}]}}